{"id":2811,"date":"2014-01-20T21:50:15","date_gmt":"2014-01-20T20:50:15","guid":{"rendered":"http:\/\/rsubach.de\/?page_id=2811"},"modified":"2024-08-22T14:33:13","modified_gmt":"2024-08-22T12:33:13","slug":"gruenes-klassenzimmer","status":"publish","type":"page","link":"https:\/\/rsubach.de\/?page_id=2811","title":{"rendered":"Sch\u00fclersprecherwahl 2024"},"content":{"rendered":"<h5><span style=\"color: #0000ff;\"><strong><span style=\"font-family: arial, helvetica, sans-serif; font-size: 12pt;\">Die Wahl der Sch\u00fcler*sprecherinnen findet im Zeitraum vom 26.08.2020 bis 02.09.2024 statt.<\/span><\/strong><\/span><\/h5>\n<table style=\"border-collapse: collapse; width: 80%;\">\n<tbody>\n<tr>\n<td style=\"width: 10%; vertical-align: top;\"><strong><span style=\"text-decoration: underline;\">Termine<\/span>:<\/strong><\/td>\n<td style=\"width: 90%;\">\n<ul>\n<li style=\"text-align: left;\">bis 21.08.2024&nbsp; Erfassung der Kandidaten (Wahlvorschl\u00e4ge)<\/li>\n<li style=\"text-align: left;\">29.08.2024&nbsp; Vorstellung der Kandidaten in den Klassen<\/li>\n<li style=\"text-align: left;\">02.09.2024&nbsp; Durchf\u00fchrung der Wahl in der Schule<\/li>\n<\/ul>\n<\/td>\n<\/tr>\n<\/tbody>\n<\/table>\n<h5>Aufgaben und Bedeutung der Sch\u00fclersprecherin \/ des Sch\u00fclersprechers<\/h5>\n<p>Das Amt der Sch\u00fclersprecherin\/des Sch\u00fclersprechers ist <strong><em>eine M\u00f6glichkeit der Sch\u00fclermitwirkung<\/em><\/strong>.<\/p>\n<p>Sie umfasst folgende Rechte:<br \/>\n&#8211; Informationsrecht<br \/>\n&#8211; Anh\u00f6rungs- und Vorschlagsrecht<br \/>\n&#8211; Vermittlungsrecht<br \/>\n&#8211; Beschwerderecht<br \/>\n&#8211;&nbsp;Recht auf Aufstellung und Durchf\u00fchrung der&nbsp;Hausordnung<br \/>\n&#8211; Recht auf Gestaltung von Kursen und Schulveranstaltungen<br \/>\n&#8211; Recht darauf Anregungen und Vorschl\u00e4ge bez\u00fcglich der Lehrpl\u00e4ne zu unterbreiten.<\/p>\n<p>Grunds\u00e4tzlich ist die Sch\u00fclersprecherin\/der Sch\u00fclersprecher die oberste Vertretung aller Sch\u00fclerinnen und Sch\u00fcler der Schule&nbsp;und die bzw. der Vorsitzende&nbsp;aller Klassensprecher.<\/p>\n<p><span style=\"text-decoration: underline;\">Die Sch\u00fclersprecherin oder der Sch\u00fclersprecher<\/span>:<\/p>\n<ul>\n<li>vertritt die Interessen der Sch\u00fclerinnen und Sch\u00fcler gegen\u00fcber den Lehrkr\u00e4ften, der Schulleiterin und der Elternvertretung,<\/li>\n<li>beruft die Sch\u00fclervertretung ein und leitet sie,<\/li>\n<li>informiert die Mitglieder der Sch\u00fclervertretung \u00fcber alle wichtigen Angelegenheiten,<\/li>\n<li>organisiert mit der Sch\u00fclervertretung Veranstaltungen f\u00fcr die Sch\u00fclerinnen und Sch\u00fcler,<\/li>\n<li>ist ein m\u00f6gliches Mitglied der Schulkonferenz,<\/li>\n<li>soll Sch\u00fclerinnen und Sch\u00fcler auf deren Wunsch in schwierigen Situationen beraten und ihnen beistehen,<\/li>\n<li>werden von der Schulleiterin regelm\u00e4\u00dfig informiert und<\/li>\n<li>f\u00fchrt die Beschl\u00fcsse der Klassensprecherversammlung aus.<\/li>\n<\/ul>\n","protected":false},"excerpt":{"rendered":"<p>Die Wahl der Sch\u00fcler*sprecherinnen findet im Zeitraum vom 26.08.2020 bis 02.09.2024 statt. Termine: bis 21.08.2024&nbsp; Erfassung der Kandidaten (Wahlvorschl\u00e4ge) 29.08.2024&nbsp; Vorstellung der Kandidaten in den Klassen 02.09.2024&nbsp; Durchf\u00fchrung der Wahl in der Schule Aufgaben und Bedeutung <a href=\"https:\/\/rsubach.de\/?page_id=2811\" class=\"read-more\">Weiterlesen &#8230;<\/a><\/p>\n","protected":false},"author":1,"featured_media":0,"parent":8220,"menu_order":13,"comment_status":"closed","ping_status":"closed","template":"","meta":{"ngg_post_thumbnail":0,"footnotes":""},"class_list":["post-2811","page","type-page","status-publish","hentry"],"publishpress_future_action":{"enabled":false,"date":"2026-05-04 15:07:44","action":"change-status","newStatus":"draft","terms":[],"taxonomy":"","extraData":[]},"publishpress_future_workflow_manual_trigger":{"enabledWorkflows":[]},"rttpg_featured_image_url":null,"rttpg_author":{"display_name":"Uwe Borger","author_link":"https:\/\/rsubach.de\/?author=1"},"rttpg_comment":0,"rttpg_category":null,"rttpg_excerpt":"Die Wahl der Sch\u00fcler*sprecherinnen findet im Zeitraum vom 26.08.2020 bis 02.09.2024 statt. Termine: bis 21.08.2024&nbsp; Erfassung der Kandidaten (Wahlvorschl\u00e4ge) 29.08.2024&nbsp; Vorstellung der Kandidaten in den Klassen 02.09.2024&nbsp; Durchf\u00fchrung der Wahl in der Schule Aufgaben und Bedeutung Weiterlesen ...","_links":{"self":[{"href":"https:\/\/rsubach.de\/index.php?rest_route=\/wp\/v2\/pages\/2811","targetHints":{"allow":["GET"]}}],"collection":[{"href":"https:\/\/rsubach.de\/index.php?rest_route=\/wp\/v2\/pages"}],"about":[{"href":"https:\/\/rsubach.de\/index.php?rest_route=\/wp\/v2\/types\/page"}],"author":[{"embeddable":true,"href":"https:\/\/rsubach.de\/index.php?rest_route=\/wp\/v2\/users\/1"}],"replies":[{"embeddable":true,"href":"https:\/\/rsubach.de\/index.php?rest_route=%2Fwp%2Fv2%2Fcomments&post=2811"}],"version-history":[{"count":41,"href":"https:\/\/rsubach.de\/index.php?rest_route=\/wp\/v2\/pages\/2811\/revisions"}],"predecessor-version":[{"id":26942,"href":"https:\/\/rsubach.de\/index.php?rest_route=\/wp\/v2\/pages\/2811\/revisions\/26942"}],"up":[{"embeddable":true,"href":"https:\/\/rsubach.de\/index.php?rest_route=\/wp\/v2\/pages\/8220"}],"wp:attachment":[{"href":"https:\/\/rsubach.de\/index.php?rest_route=%2Fwp%2Fv2%2Fmedia&parent=2811"}],"curies":[{"name":"wp","href":"https:\/\/api.w.org\/{rel}","templated":true}]}}