{"id":65,"date":"2012-02-01T19:13:50","date_gmt":"2012-02-01T18:13:50","guid":{"rendered":"http:\/\/server2003:8080\/rsubach\/wordpress_02\/?page_id=65"},"modified":"2023-02-18T19:10:49","modified_gmt":"2023-02-18T18:10:49","slug":"geschichte","status":"publish","type":"page","link":"https:\/\/rsubach.de\/?page_id=65","title":{"rendered":"Geschichte"},"content":{"rendered":"\n<p>Im Jahr 2019 konnten wir das 50 j\u00e4hrige Bestehen unserer Schule am Standort in Unterbreizbach feiern.<\/p>\n\n\n\n<h2 class=\"has-text-align-center wp-block-heading\"><strong>Ausz\u00fcge aus unserer Chronik<\/strong><\/h2>\n\n\n<table style=\"width: 100%;\">\n<tbody>\n<tr>\n<td style=\"width: 70.1299%; text-align: right;\">\n<p style=\"font-size: 1.2em;\">Am 8. Mai 1968 wurde der Grundstein f\u00fcr das Schulgeb\u00e4ude gelegt.<br>Den Bau \u00fcbernahm die Firma Wittich KG aus Unterbreizbach.<\/p>\n<p style=\"font-size: 1.2em;\"><em>Die Aufnahme entstand beim Richtfest im Jahre 1968<\/em>.<\/p>\n<\/td>\n<td style=\"width: 28.9256%;\">\n<p><img loading=\"lazy\" decoding=\"async\" class=\"alignnone wp-image-107\" title=\"richtfest_02\" src=\"https:\/\/rsubach.de\/wp-content\/uploads\/2012\/02\/richtfest_02.jpg\" alt=\"\" width=\"280\" height=\"187\"><\/p>\n<\/td>\n<\/tr>\n<tr>\n<td style=\"width: 70.1299%;\">\n<p style=\"font-size: 1.2em; font-style: normal; text-align: right;\">Am 4. November 1969 erfolgte w\u00e4hrend einer Festveranstaltung die feierliche \u00dcbergabe der Schule. Viele Sch\u00fcler, Eltern und Lehrer hatten Tausende Stunden mitgeholfen.<\/p>\n<p style=\"font-size: 1.2em; font-style: normal; text-align: right;\">Herr Schmidt, Bauingenieur der Firma Wittich, \u00fcbergab das Geb\u00e4ude mit einem symbolischen Schl\u00fcssel an den Direktor, Fritz Merten.<\/p>\n<p style=\"font-size: 1.2em; font-style: normal; text-align: right;\">Das Bauwerk hatte zur damaligen Zeit einen Gesamtwert von 1,8 Millionen Mark.<\/p>\n<\/td>\n<td style=\"width: 28.9256%;\"><img loading=\"lazy\" decoding=\"async\" class=\"alignnone size-full wp-image-108\" title=\"uebergabe 5_v1\" src=\"\/wp-content\/uploads\/2012\/02\/uebergabe-5_v1.jpg\" alt=\"\" width=\"240\" height=\"305\"><\/td>\n<\/tr>\n<\/tbody>\n<\/table>\n<table style=\"width: 100%; height: 464px;\">\n<tbody>\n<tr style=\"height: 175px;\">\n<td style=\"width: 27.3908%; height: 175px;\"><img loading=\"lazy\" decoding=\"async\" class=\"alignnone size-full wp-image-147\" title=\"pos hans beimler_02\" src=\"\/wp-content\/uploads\/2012\/02\/pos-hans-beimler_02.jpg\" alt=\"\" width=\"240\" height=\"177\"><\/td>\n<td style=\"width: 71.6647%; height: 175px;\">\n<p style=\"font-style: normal; font-size: 1.2em; text-align: left;\">Am 7. Oktober 1970 wurde der Schule der Name &#8222;Hans-Beimler-Oberschule&#8220; verliehen. Dieser Name wurde neben einem stilisierten Sputnik an die Fassade angebracht und pr\u00e4gte viele Jahre das Antlitz des Geb\u00e4udes.<\/p>\n<\/td>\n<\/tr>\n<tr style=\"height: 289px;\">\n<td style=\"width: 27.3908%; height: 289px;\"><img loading=\"lazy\" decoding=\"async\" class=\"alignnone size-full wp-image-214\" title=\"mmm_01\" src=\"\/wp-content\/uploads\/2012\/02\/mmm_01.jpg\" alt=\"\" width=\"240\" height=\"158\"><\/td>\n<td style=\"width: 71.6647%; height: 289px;\">\n<p style=\"font-style: normal; font-size: 1.2em; text-align: left;\">In den Jahren 1973\/74 wurde mit Hilfe des Patenbetriebes &#8211; dem am Ort ans\u00e4ssigen Werk des Kalikombinats Werra &#8211; die Au\u00dfenanlage gestaltet.<\/p>\n<p style=\"font-style: normal; font-size: 1.2em; text-align: left;\">J\u00e4hrlich fanden im Rahmen der Patenschaft mit dem Kaliwerk in Unterbreizbach vielf\u00e4ltige Veranstaltungen und Ma\u00dfnahmen statt, wie z.B. die Hans-Beimler Wettk\u00e4mpfe oder die Messe der Meister von Morgen.<\/p>\n<\/td>\n<\/tr>\n<\/tbody>\n<\/table>\n<table style=\"width: 100%;\">\n<tbody>\n<tr>\n<td style=\"width: 70.0118%;\">\n<p style=\"font-style: normal; font-size: 1.2em; text-align: right;\">Durch die engagierte Arbeit der Lehrerschaft, der Elternvertretungen sowie der regionalen Partner und nicht zuletzt durch die guten Lern\u00adbedingungen erreichten j\u00e4hrlich mehr als 80% der Schulabg\u00e4nger die Abschlussnoten 1 bis 3.<\/p>\n<h4 style=\"font-style: normal; font-size: 1.2em; text-align: right;\">Die schriftlichen Abschlusspr\u00fcfungen fanden viele Jahre im Kulturhaus in Unterbreizbach.statt.<\/h4>\n<p>&nbsp;<\/p>\n<\/td>\n<td style=\"width: 29.0437%;\"><img loading=\"lazy\" decoding=\"async\" class=\"alignnone size-full wp-image-140\" title=\"pruefung im kulturhaus_v1\" src=\"\/wp-content\/uploads\/2012\/02\/pruefung-im-kulturhaus_v1.jpg\" alt=\"\" width=\"240\" height=\"240\"><\/td>\n<\/tr>\n<tr>\n<td style=\"width: 70.0118%;\">\n<p style=\"font-style: normal; font-size: 1.2em; text-align: right;\">Das Schulleben wurde auch durch vielf\u00e4ltige au\u00dferunterrichtliche Aktivit\u00e4ten bereichert, wie z.B. Altstoffsammlungen, Solidarit\u00e4tsspenden oder bis zu 40 verschiedene Arbeitsgemein\u00adschaften.<\/p>\n<p style=\"font-style: normal; font-size: 1.2em; text-align: right;\">Mit guten Erfolgen nahmen Sch\u00fclerinnen und Sch\u00fcler an sportlichen und k\u00fcnstlerichen Leistungsvergleichen und Wettbewerben teil, wie den Kreis- bzw. Bezirksolympiaden oder dem &#8222;Fest junger K\u00fcnstler&#8220;.<\/p>\n<\/td>\n<td style=\"width: 29.0437%;\"><img loading=\"lazy\" decoding=\"async\" class=\"alignnone size-full wp-image-144\" title=\"Sport-Kunst\" src=\"\/wp-content\/uploads\/2012\/02\/Sport-Kunst.jpg\" alt=\"\" width=\"240\" height=\"280\"><\/td>\n<\/tr>\n<\/tbody>\n<\/table>\n<table style=\"width: 100%;\">\n<tbody>\n<tr>\n<td style=\"width: 27.2728%;\"><img loading=\"lazy\" decoding=\"async\" class=\"alignnone size-full wp-image-148\" title=\"neue schule_07\" src=\"\/wp-content\/uploads\/2012\/02\/neue-schule_07.jpg\" alt=\"\" width=\"240\" height=\"308\" srcset=\"https:\/\/rsubach.de\/wp-content\/uploads\/2012\/02\/neue-schule_07.jpg 240w, https:\/\/rsubach.de\/wp-content\/uploads\/2012\/02\/neue-schule_07-233x300.jpg 233w\" sizes=\"auto, (max-width: 240px) 100vw, 240px\" \/><\/td>\n<td style=\"width: 71.7827%;\">\n<p style=\"font-style: normal; font-size: 1.2em; text-align: left;\">Nach dem Ende der DDR wurde die ehemalige Polytechnische Oberschule (POS) in eine staatliche Regelschule \u00fcberf\u00fchrt. Diese Zeit war durch vielf\u00e4ltige personelle und inhaltliche Ver\u00e4nderungen gepr\u00e4gt.<\/p>\n<p style=\"font-style: normal; font-size: 1.2em; text-align: left;\">Durch die Einf\u00fchrung des Gymnasiums ab Klasse 5 und sinkende Geburtenraten nahmen im Laufe der Jahre die Sch\u00fclerzahlen deutlich ab.<\/p>\n<\/td>\n<\/tr>\n<tr>\n<td style=\"width: 27.2728%;\"><img loading=\"lazy\" decoding=\"async\" class=\"alignnone size-full wp-image-150\" title=\"Landtag Erfurt\" src=\"\/wp-content\/uploads\/2012\/02\/Landtag-Erfurt.jpg\" alt=\"\" width=\"240\" height=\"175\"><\/td>\n<td style=\"width: 71.7827%;\">\n<p style=\"font-style: normal; font-size: 1.2em; text-align: left;\">Als eine der ersten Schulen in Th\u00fcringen beteiligten wir uns ab dem Fr\u00fchjahr 2003 mit vielf\u00e4ltigen Ma\u00dfnahmen an der Schuljugendarbeit. Innerhalb kurzer Zeit entstanden 14 verschiedene Arbeitsgemeinschaften.<\/p>\n<p style=\"font-style: normal; font-size: 1.2em; text-align: left;\">Im Juni 2003 pr\u00e4sentierte die Schule ihre Schuljugendarbeit zum Tag der Offenen T\u00fcr im Th\u00fcringer Landtag in Erfurt.<\/p>\n<\/td>\n<\/tr>\n<\/tbody>\n<\/table>\n<table style=\"width: 100%;\">\n<tbody>\n<tr>\n<td style=\"width: 71.0744%;\">\n<p style=\"font-style: normal; font-size: 1.2em; text-align: right;\">Im Jahr 2004 begannen umfangreiche Bauar\u00adbei\u00adten zur Sanierung und Erweiterung der Schule mit einem Anbau.<\/p>\n<p style=\"font-style: normal; font-size: 1.2em; text-align: right;\">In den folgenden zwei Jahren war der Schulalltag oftmals durch Schmutz, L\u00e4rm und Behinderungen gepr\u00e4gt.<\/p>\n<p style=\"font-style: normal; font-size: 1.2em; text-align: right;\">Mit dem Anbau erhielt die Schule eine moderne multifunktionale Aula, welche wahlweise in bis zu vier zus\u00e4tzliche Unterrichtsr\u00e4ume umgestaltet werden kann.<\/p>\n<p style=\"font-style: normal; font-size: 1.2em; text-align: right;\">Diese Bauma\u00dfnahme hatte einen Wert von ca. 2,2 Millionen Euro.<\/p>\n<\/td>\n<td style=\"width: 27.9811%;\"><img loading=\"lazy\" decoding=\"async\" class=\"alignnone size-full wp-image-153\" title=\"Umbau_kombi\" src=\"\/wp-content\/uploads\/2012\/02\/Umbau_kombi.jpg\" alt=\"\" width=\"240\" height=\"320\" srcset=\"https:\/\/rsubach.de\/wp-content\/uploads\/2012\/02\/Umbau_kombi.jpg 240w, https:\/\/rsubach.de\/wp-content\/uploads\/2012\/02\/Umbau_kombi-225x300.jpg 225w\" sizes=\"auto, (max-width: 240px) 100vw, 240px\" \/><\/td>\n<\/tr>\n<\/tbody>\n<\/table>\n<table>\n<tbody>\n<tr>\n<td><a href=\"https:\/\/rsubach.de\/wp-content\/uploads\/2012\/02\/neue-schule_04.jpg\"><img loading=\"lazy\" decoding=\"async\" class=\"alignnone size-full wp-image-156\" src=\"https:\/\/rsubach.de\/wp-content\/uploads\/2012\/02\/neue-schule_04.jpg\" alt=\"\" width=\"240\" height=\"160\"><\/a><\/td>\n<td><img loading=\"lazy\" decoding=\"async\" class=\"alignnone wp-image-164\" style=\"margin: 0px;\" title=\"neue schule_02V1\" src=\"\/wp-content\/uploads\/2012\/02\/neue-schule_02V1.jpg\" alt=\"\" width=\"160\" height=\"180\"><\/td>\n<td><img loading=\"lazy\" decoding=\"async\" class=\"alignnone wp-image-157\" style=\"margin: 0px;\" title=\"eroeffnung1\" src=\"\/wp-content\/uploads\/2012\/02\/Eroeffnung_01_06092006.jpg\" alt=\"\" width=\"240\" height=\"180\"><\/td>\n<\/tr>\n<\/tbody>\n<\/table>\n<table style=\"width: 100%;\">\n<tbody>\n<tr>\n<td style=\"width: 27.3908%;\"><img loading=\"lazy\" decoding=\"async\" class=\"alignnone size-full wp-image-185\" title=\"eroeffnung_kombi1\" src=\"\/wp-content\/uploads\/2012\/02\/eroeffnung_kombi1.jpg\" alt=\"\" width=\"240\" height=\"360\" srcset=\"https:\/\/rsubach.de\/wp-content\/uploads\/2012\/02\/eroeffnung_kombi1.jpg 240w, https:\/\/rsubach.de\/wp-content\/uploads\/2012\/02\/eroeffnung_kombi1-200x300.jpg 200w\" sizes=\"auto, (max-width: 240px) 100vw, 240px\" \/><\/td>\n<td style=\"width: 71.6647%;\">\n<p style=\"font-style: normal; font-size: 1.2em; text-align: left;\">Aufgrund weiter sinkender Sch\u00fclerzahlen wurde mit Beginn des Schuljahres 2006\/07 die Regelschule Vacha \/ V\u00f6lkershausen mit der Regel\u00adschule Unterbreizbach am Standort in R\u00e4sa zusammengelegt.<\/p>\n<p style=\"font-style: normal; font-size: 1.2em; text-align: left;\">Am 07.09.2006 wurde die Schule mit einer Festveranstaltung offiziell er\u00f6ffnet.<\/p>\n<p style=\"font-style: normal; font-size: 1.2em; text-align: left;\">Nach dem Abschluss der Bauma\u00dfnahmen pr\u00e4sen\u00adtierte sich die Schule am 14.10.2006 zu einem Tag der Offenen T\u00fcr im neuen Gewand.<br>Zu diesem Anlass konnten viele Besucher in der Schule begr\u00fc\u00dft werden.<\/p>\n<\/td>\n<\/tr>\n<\/tbody>\n<\/table>\n<table>\n<tbody>\n<tr>\n<td><img loading=\"lazy\" decoding=\"async\" class=\"alignnone wp-image-198\" style=\"margin: 0 0 0 5px;\" title=\"40_Jahre_tdot1\" src=\"\/wp-content\/uploads\/2012\/02\/40_Jahre_TdOT1.jpg\" alt=\"\" width=\"240\" height=\"180\"><\/td>\n<td><img loading=\"lazy\" decoding=\"async\" class=\"alignnone wp-image-199\" style=\"margin: 0px;\" title=\"40_Jahre_tdot2\" src=\"\/wp-content\/uploads\/2012\/02\/40_Jahre_TdOT2.jpg\" alt=\"\" width=\"240\" height=\"180\"><\/td>\n<td><img loading=\"lazy\" decoding=\"async\" class=\"alignnone wp-image-200\" style=\"margin: 0px;\" title=\"40_Jahre_tdot3\" src=\"\/wp-content\/uploads\/2012\/02\/40_Jahre_TdOT3.jpg\" alt=\"\" width=\"240\" height=\"180\"><\/td>\n<\/tr>\n<\/tbody>\n<\/table>\n<table style=\"width: 100%;\">\n<tbody>\n<tr>\n<td style=\"width: 72.0188%; text-align: right;\">\n<p style=\"font-style: normal; font-size: 1.2em;\">Zum 40 j\u00e4hrigen Bestehen unserer Schule veranstalteten wir im Jahr 2009 eine Festwoche.<br>Alle Sch\u00fclerinnen und Sch\u00fcler waren aktiv an der Vorbereitung und Durchf\u00fchrung der Ma\u00dfnahmen und Veranstaltungen beteiligt. Das Schulgeb\u00e4ude wurde nach innen und au\u00dfen festlich geschm\u00fcckt.<\/p>\n<\/td>\n<td style=\"width: 27.0366%;\"><img loading=\"lazy\" decoding=\"async\" class=\"alignnone size-full wp-image-201\" title=\"Schulhaus_40_Jahre\" src=\"\/wp-content\/uploads\/2012\/02\/40_Jahre_1.jpg\" alt=\"\" width=\"240\" height=\"180\"><\/td>\n<\/tr>\n<tr>\n<td style=\"width: 72.0188%; text-align: right;\">\n<p style=\"font-style: normal; font-size: 1.2em;\">H\u00f6hepunkte der Feierlichkeiten waren das Treffen der ehemaligen Lehrerinnen und Lehrer am 02.09.2009, das Schulfest am 04.09.2009 sowie der Tag der Offenen T\u00fcr am 05.09.2009.<\/p>\n<\/td>\n<td style=\"width: 27.0366%;\"><img loading=\"lazy\" decoding=\"async\" class=\"alignnone size-full wp-image-210\" title=\"40_Jahre_Schulfest1\" src=\"\/wp-content\/uploads\/2012\/02\/Schulfest1.jpg\" alt=\"\" width=\"240\" height=\"180\"><\/td>\n<\/tr>\n<tr>\n<td style=\"width: 72.0188%; text-align: right;\">\n<p style=\"font-style: normal; font-size: 1.2em;\">Genau 40 Jahre nach der feierlichen Einweihung wurde der Schule am 04.11.2009 w\u00e4hrend einer Festveranstaltung durch den Landrat des Wartburgkreises der Name <strong>&#8222;Regelschule am Ulsterberg&#8220;<\/strong> verliehen.<\/p>\n<\/td>\n<td style=\"width: 27.0366%;\"><img loading=\"lazy\" decoding=\"async\" class=\"alignnone size-full wp-image-211\" title=\"Namensverleihung1\" src=\"\/wp-content\/uploads\/2012\/02\/Namensverleihung1.jpg\" alt=\"\" width=\"240\" height=\"180\"><\/td>\n<\/tr>\n<\/tbody>\n<\/table>\n<p>&nbsp;<\/p>","protected":false},"excerpt":{"rendered":"<p>Im Jahr 2019 konnten wir das 50 j\u00e4hrige Bestehen unserer Schule am Standort in Unterbreizbach feiern. Ausz\u00fcge aus unserer Chronik Am 8. Mai 1968 wurde der Grundstein f\u00fcr das Schulgeb\u00e4ude gelegt.Den Bau \u00fcbernahm die Firma Wittich <a href=\"https:\/\/rsubach.de\/?page_id=65\" class=\"read-more\">Weiterlesen &#8230;<\/a><\/p>\n","protected":false},"author":1,"featured_media":25086,"parent":2,"menu_order":41,"comment_status":"closed","ping_status":"closed","template":"","meta":{"ngg_post_thumbnail":0,"footnotes":""},"class_list":["post-65","page","type-page","status-publish","has-post-thumbnail","hentry"],"publishpress_future_action":{"enabled":false,"date":"2026-05-09 13:00:48","action":"change-status","newStatus":"draft","terms":[],"taxonomy":"","extraData":[]},"publishpress_future_workflow_manual_trigger":{"enabledWorkflows":[]},"rttpg_featured_image_url":{"full":["https:\/\/rsubach.de\/wp-content\/uploads\/2023\/02\/Slider2_4510x1541-scaled.jpg",2560,876,false],"landscape":["https:\/\/rsubach.de\/wp-content\/uploads\/2023\/02\/Slider2_4510x1541-scaled.jpg",2560,876,false],"portraits":["https:\/\/rsubach.de\/wp-content\/uploads\/2023\/02\/Slider2_4510x1541-scaled.jpg",2560,876,false],"thumbnail":["https:\/\/rsubach.de\/wp-content\/uploads\/2023\/02\/Slider2_4510x1541-150x150.jpg",150,150,true],"medium":["https:\/\/rsubach.de\/wp-content\/uploads\/2023\/02\/Slider2_4510x1541-300x103.jpg",300,103,true],"large":["https:\/\/rsubach.de\/wp-content\/uploads\/2023\/02\/Slider2_4510x1541-1024x351.jpg",847,290,true],"1536x1536":["https:\/\/rsubach.de\/wp-content\/uploads\/2023\/02\/Slider2_4510x1541-1536x526.jpg",1536,526,true],"2048x2048":["https:\/\/rsubach.de\/wp-content\/uploads\/2023\/02\/Slider2_4510x1541-2048x701.jpg",2048,701,true],"education-hub-thumb":["https:\/\/rsubach.de\/wp-content\/uploads\/2023\/02\/Slider2_4510x1541-360x123.jpg",360,123,true]},"rttpg_author":{"display_name":"Uwe Borger","author_link":"https:\/\/rsubach.de\/?author=1"},"rttpg_comment":0,"rttpg_category":null,"rttpg_excerpt":"Im Jahr 2019 konnten wir das 50 j\u00e4hrige Bestehen unserer Schule am Standort in Unterbreizbach feiern. Ausz\u00fcge aus unserer Chronik Am 8. Mai 1968 wurde der Grundstein f\u00fcr das Schulgeb\u00e4ude gelegt.Den Bau \u00fcbernahm die Firma Wittich Weiterlesen ...","_links":{"self":[{"href":"https:\/\/rsubach.de\/index.php?rest_route=\/wp\/v2\/pages\/65","targetHints":{"allow":["GET"]}}],"collection":[{"href":"https:\/\/rsubach.de\/index.php?rest_route=\/wp\/v2\/pages"}],"about":[{"href":"https:\/\/rsubach.de\/index.php?rest_route=\/wp\/v2\/types\/page"}],"author":[{"embeddable":true,"href":"https:\/\/rsubach.de\/index.php?rest_route=\/wp\/v2\/users\/1"}],"replies":[{"embeddable":true,"href":"https:\/\/rsubach.de\/index.php?rest_route=%2Fwp%2Fv2%2Fcomments&post=65"}],"version-history":[{"count":119,"href":"https:\/\/rsubach.de\/index.php?rest_route=\/wp\/v2\/pages\/65\/revisions"}],"predecessor-version":[{"id":25168,"href":"https:\/\/rsubach.de\/index.php?rest_route=\/wp\/v2\/pages\/65\/revisions\/25168"}],"up":[{"embeddable":true,"href":"https:\/\/rsubach.de\/index.php?rest_route=\/wp\/v2\/pages\/2"}],"wp:featuredmedia":[{"embeddable":true,"href":"https:\/\/rsubach.de\/index.php?rest_route=\/wp\/v2\/media\/25086"}],"wp:attachment":[{"href":"https:\/\/rsubach.de\/index.php?rest_route=%2Fwp%2Fv2%2Fmedia&parent=65"}],"curies":[{"name":"wp","href":"https:\/\/api.w.org\/{rel}","templated":true}]}}